{"id":22738,"date":"2022-10-25T21:21:27","date_gmt":"2022-10-25T19:21:27","guid":{"rendered":"https:\/\/www.mihai.de\/reseau\/"},"modified":"2023-10-12T10:57:43","modified_gmt":"2023-10-12T08:57:43","slug":"reseau","status":"publish","type":"page","link":"https:\/\/www.mihai.de\/fr\/reseau\/","title":{"rendered":"R\u00e9seau"},"content":{"rendered":"<div class=\"wpb-content-wrapper\"><p>[vc_row row_type=\u00a0\u00bbrow\u00a0\u00bb use_row_as_full_screen_section=\u00a0\u00bbno\u00a0\u00bb type=\u00a0\u00bbfull_width\u00a0\u00bb text_align=\u00a0\u00bbcenter\u00a0\u00bb background_image=\u00a0\u00bb22035&Prime; background_animation=\u00a0\u00bbnone\u00a0\u00bb padding_top=\u00a0\u00bb100&Prime; padding_bottom=\u00a0\u00bb100&Prime; css_animation=\u00a0\u00bb\u00a0\u00bb el_class=\u00a0\u00bbmihai-anchor-carousel\u00a0\u00bb][vc_column]<div class='qode_carousels_holder clearfix hover_second_image'><div class='qode_carousels carousel_owl'data-enable-navigation=\"no\" data-slider-speed=\"1500\"  data-number_of_items = 4 data-stage_padding = no><div class='slides'><div class='item'><div class=\"carousel_item_holder\"><a href='https:\/\/www.mihai.de\/fr\/reseau\/#kulturplakatierung' target='_self'><span class='first_image_holder '><img src='https:\/\/www.mihai.de\/wp-content\/uploads\/2021\/02\/netzwerk-btn_kulturplakatierung.png' alt='Kulturplakatierung'><\/span><\/a><\/div><\/div><div class='item'><div class=\"carousel_item_holder\"><a href='https:\/\/www.mihai.de\/fr\/reseau\/#mihaiwps' target='_self'><span class='first_image_holder '><img src='https:\/\/www.mihai.de\/wp-content\/uploads\/2021\/02\/netzwerk-btn_mihai-wps.png' alt='Mihai. Werbeproduktionen &amp; Service GmbH'><\/span><\/a><\/div><\/div><div class='item'><div class=\"carousel_item_holder\"><a href='https:\/\/www.mihai.de\/fr\/reseau\/#mihaimediainvest' target='_self'><span class='first_image_holder '><img src='https:\/\/www.mihai.de\/wp-content\/uploads\/2021\/02\/netzwerk-btn_mihai-media-invest.png' alt='Mihai. Media Invest GmbH'><\/span><\/a><\/div><\/div><div class='item'><div class=\"carousel_item_holder\"><a href='https:\/\/www.mihai.de\/fr\/reseau\/#freischwimmer' target='_self'><span class='first_image_holder '><img src='https:\/\/www.mihai.de\/wp-content\/uploads\/2021\/02\/netzwerk-btn_freischwimmer.png' alt='Freischwimmer'><\/span><\/a><\/div><\/div><div class='item'><div class=\"carousel_item_holder\"><a href='https:\/\/www.mihai.de\/fr\/reseau\/#qss' target='_self'><span class='first_image_holder '><img src='https:\/\/www.mihai.de\/wp-content\/uploads\/2023\/09\/netzwerk-btn_quartier-sanssouci-oberhof.png' alt='Quartier Sanssouci Oberhof'><\/span><\/a><\/div><\/div><div class='item'><div class=\"carousel_item_holder\"><a href='https:\/\/www.mihai.de\/fr\/reseau\/#mis' target='_self'><span class='first_image_holder '><img src='https:\/\/www.mihai.de\/wp-content\/uploads\/2023\/09\/netzwerk-btn_mihai-immobilienservice.png' alt='Mihai. Immobilien Service GmbH'><\/span><\/a><\/div><\/div><\/div><\/div><\/div>[\/vc_column][\/vc_row][vc_row row_type=\u00a0\u00bbrow\u00a0\u00bb use_row_as_full_screen_section=\u00a0\u00bbno\u00a0\u00bb type=\u00a0\u00bbfull_width\u00a0\u00bb anchor=\u00a0\u00bbkulturplakatierung\u00a0\u00bb text_align=\u00a0\u00bbleft\u00a0\u00bb background_animation=\u00a0\u00bbnone\u00a0\u00bb css_animation=\u00a0\u00bb\u00a0\u00bb background_color=\u00a0\u00bb#ffffff\u00a0\u00bb][vc_column][vc_row_inner row_type=\u00a0\u00bbrow\u00a0\u00bb type=\u00a0\u00bbgrid\u00a0\u00bb use_row_as_full_screen_section_slide=\u00a0\u00bbno\u00a0\u00bb text_align=\u00a0\u00bbleft\u00a0\u00bb padding_top=\u00a0\u00bb120&Prime; padding_bottom=\u00a0\u00bb80&Prime; css_animation=\u00a0\u00bb\u00a0\u00bb css=\u00a0\u00bb.vc_custom_1612743036385{margin-right: 30px !important;margin-left: 30px !important;}\u00a0\u00bb][vc_column_inner width=\u00a0\u00bb1\/3&Prime;][vc_single_image image=\u00a0\u00bb22586&Prime; img_size=\u00a0\u00bb\u00a0\u00bb alignment=\u00a0\u00bbcenter\u00a0\u00bb style=\u00a0\u00bbvc_box_circle_2&Prime; onclick=\u00a0\u00bbcustom_link\u00a0\u00bb img_link_target=\u00a0\u00bb_blank\u00a0\u00bb qode_css_animation=\u00a0\u00bb\u00a0\u00bb link=\u00a0\u00bbhttp:\/\/www.kulturplakatierung.de\/\u00a0\u00bb css=\u00a0\u00bb.vc_custom_1612975498521{padding-right: 4% !important;}\u00a0\u00bb][vc_separator type=\u00a0\u00bbtransparent\u00a0\u00bb border_style=\u00a0\u00bb\u00a0\u00bb up=\u00a0\u00bb40&Prime; down=\u00a0\u00bb0&Prime;][\/vc_column_inner][vc_column_inner width=\u00a0\u00bb2\/3&Prime;][vc_column_text]<\/p>\n<h4>Kulturplakatierung Berlin GmbH<\/h4>\n<p>[\/vc_column_text][vc_separator type=\u00a0\u00bbtransparent\u00a0\u00bb border_style=\u00a0\u00bb\u00a0\u00bb up=\u00a0\u00bb20&Prime; down=\u00a0\u00bb0&Prime;][vc_column_text]Depuis plus de 40 ans, Kulturplakatierung Berlin GmbH (litt\u00e9ralement: Affichage Culturel Berlin SARL) est l\u2019adresse parfaite pour tous ceux qui souhaitent faire de la publicit\u00e9 dans le domaine de la culture et des \u00e9v\u00e9nements. L\u2019agence publicitaire et promotionnelle a comme objectif d\u2019offrir, \u00e0 Berlin, un maximum de visibilit\u00e9 \u00e0 des \u00e9v\u00e9nements culturels et \u00e0 des produits lifestyle dont elle garantit le succ\u00e8s gr\u00e2ce \u00e0 la pose d\u2019affiches, la distribution de flyers, les actions de Guerilla Marketing et les campagnes de promotion cibl\u00e9es. La client\u00e8le de Kulturplakatierung Berlin se constitue de productions nationales et internationales du domaine culturel ainsi que de produits tendance de marques renomm\u00e9es comme Apple, Nike ou Sony.[\/vc_column_text][vc_separator type=\u00a0\u00bbtransparent\u00a0\u00bb border_style=\u00a0\u00bb\u00a0\u00bb up=\u00a0\u00bb40&Prime; down=\u00a0\u00bb0&Prime;][\/vc_column_inner][\/vc_row_inner][\/vc_column][\/vc_row][vc_row bwd_show_when_type=\u00a0\u00bbbefore\u00a0\u00bb row_type=\u00a0\u00bbrow\u00a0\u00bb use_row_as_full_screen_section=\u00a0\u00bbno\u00a0\u00bb type=\u00a0\u00bbfull_width\u00a0\u00bb anchor=\u00a0\u00bbkpm\u00a0\u00bb text_align=\u00a0\u00bbleft\u00a0\u00bb background_animation=\u00a0\u00bbnone\u00a0\u00bb css_animation=\u00a0\u00bb\u00a0\u00bb bwd_show_when_date=\u00a0\u00bb01\/01\/2023 01:00&Prime; bwd_show_when_date_end=\u00a0\u00bb__\/__\/____ __:__\u00a0\u00bb][vc_column][vc_row_inner row_type=\u00a0\u00bbrow\u00a0\u00bb type=\u00a0\u00bbgrid\u00a0\u00bb use_row_as_full_screen_section_slide=\u00a0\u00bbno\u00a0\u00bb text_align=\u00a0\u00bbleft\u00a0\u00bb padding_top=\u00a0\u00bb120&Prime; padding_bottom=\u00a0\u00bb80&Prime; css_animation=\u00a0\u00bb\u00a0\u00bb css=\u00a0\u00bb.vc_custom_1612743099537{margin-right: 30px !important;margin-left: 30px !important;}\u00a0\u00bb][vc_column_inner width=\u00a0\u00bb1\/3&Prime;][vc_single_image image=\u00a0\u00bb22596&Prime; img_size=\u00a0\u00bb\u00a0\u00bb alignment=\u00a0\u00bbcenter\u00a0\u00bb style=\u00a0\u00bbvc_box_circle_2&Prime; onclick=\u00a0\u00bbcustom_link\u00a0\u00bb img_link_target=\u00a0\u00bb_blank\u00a0\u00bb qode_css_animation=\u00a0\u00bb\u00a0\u00bb link=\u00a0\u00bbhttp:\/\/www.kultur-plakatierung.de\/\u00a0\u00bb css=\u00a0\u00bb.vc_custom_1613035433930{padding-right: 4% !important;}\u00a0\u00bb][vc_separator type=\u00a0\u00bbtransparent\u00a0\u00bb border_style=\u00a0\u00bb\u00a0\u00bb up=\u00a0\u00bb40&Prime; down=\u00a0\u00bb0&Prime;][\/vc_column_inner][vc_column_inner width=\u00a0\u00bb2\/3&Prime;][vc_column_text]<\/p>\n<h4>KPM Kulturplakatierung Mitteldeutschland<\/h4>\n<h5><\/h5>\n<p>[\/vc_column_text][vc_separator type=\u00a0\u00bbtransparent\u00a0\u00bb border_style=\u00a0\u00bb\u00a0\u00bb up=\u00a0\u00bb20&Prime; down=\u00a0\u00bb0&Prime;][vc_column_text]KPM Kulturplakatierung Mitteldeutschland (litt\u00e9ralement: Affichage Culturel Allemagne Centrale), dont le si\u00e8ge est \u00e0 Leipzig, propose de l&rsquo;affichage culturel dans des lieux tr\u00e8s fr\u00e9quent\u00e9s et accrocheurs. Tous les formats courants tels que A1, A0, 4\/1tel, 8\/1tel et les Citybanners peuvent \u00eatre affich\u00e9s sur ses surfaces \u00e0 louer de grande qualit\u00e9. Depuis 2017, KPM garantit aux organisateurs culturels et aux clients commerciaux une diffusion maximale de leurs campagnes dans toute la ville de Leipzig, ainsi qu\u2019\u00e0 Chemnitz, Dresde, Halle et Magdebourg.[\/vc_column_text][vc_separator type=\u00a0\u00bbtransparent\u00a0\u00bb border_style=\u00a0\u00bb\u00a0\u00bb up=\u00a0\u00bb40&Prime; down=\u00a0\u00bb0&Prime;][\/vc_column_inner][\/vc_row_inner][\/vc_column][\/vc_row][vc_row row_type=\u00a0\u00bbrow\u00a0\u00bb use_row_as_full_screen_section=\u00a0\u00bbno\u00a0\u00bb type=\u00a0\u00bbfull_width\u00a0\u00bb anchor=\u00a0\u00bbmihaiwps\u00a0\u00bb text_align=\u00a0\u00bbleft\u00a0\u00bb background_animation=\u00a0\u00bbnone\u00a0\u00bb css_animation=\u00a0\u00bb\u00a0\u00bb bwd_show_when_date=\u00a0\u00bb__\/__\/____ __:__\u00a0\u00bb bwd_show_when_date_end=\u00a0\u00bb__\/__\/____ __:__\u00a0\u00bb][vc_column][vc_row_inner row_type=\u00a0\u00bbrow\u00a0\u00bb type=\u00a0\u00bbgrid\u00a0\u00bb use_row_as_full_screen_section_slide=\u00a0\u00bbno\u00a0\u00bb text_align=\u00a0\u00bbleft\u00a0\u00bb padding_top=\u00a0\u00bb120&Prime; padding_bottom=\u00a0\u00bb80&Prime; css_animation=\u00a0\u00bb\u00a0\u00bb css=\u00a0\u00bb.vc_custom_1672663226102{margin-right: 30px !important;margin-left: 30px !important;}\u00a0\u00bb bwd_show_when_date=\u00a0\u00bb__\/__\/____ __:__\u00a0\u00bb bwd_show_when_date_end=\u00a0\u00bb__\/__\/____ __:__\u00a0\u00bb][vc_column_inner width=\u00a0\u00bb1\/3&Prime;][vc_single_image image=\u00a0\u00bb22584&Prime; img_size=\u00a0\u00bb\u00a0\u00bb alignment=\u00a0\u00bbcenter\u00a0\u00bb style=\u00a0\u00bbvc_box_circle_2&Prime; onclick=\u00a0\u00bbcustom_link\u00a0\u00bb img_link_target=\u00a0\u00bb_blank\u00a0\u00bb qode_css_animation=\u00a0\u00bb\u00a0\u00bb link=\u00a0\u00bbhttp:\/\/www.mihai-wps.de\/\u00a0\u00bb css=\u00a0\u00bb.vc_custom_1612974479203{padding-right: 4% !important;}\u00a0\u00bb][vc_separator type=\u00a0\u00bbtransparent\u00a0\u00bb border_style=\u00a0\u00bb\u00a0\u00bb up=\u00a0\u00bb40&Prime; down=\u00a0\u00bb0&Prime;][\/vc_column_inner][vc_column_inner width=\u00a0\u00bb2\/3&Prime;][vc_column_text]<\/p>\n<h4>Mihai. Werbeproduktionen &amp; Service GmbH<\/h4>\n<p>[\/vc_column_text][vc_separator type=\u00a0\u00bbtransparent\u00a0\u00bb border_style=\u00a0\u00bb\u00a0\u00bb up=\u00a0\u00bb20&Prime; down=\u00a0\u00bb0&Prime;][vc_column_text]Mihai. Werbeproduktionen &amp; Service GmbH, abr\u00e9g\u00e9 WPS, con\u00e7oit et produit une grande vari\u00e9t\u00e9 de projets publicitaires de haute gamme pour ses clients renomm\u00e9s. Ayant \u00e9t\u00e9 manager de production dans deux des meilleures agences de publicit\u00e9 allemandes \u00ab Shanghai, Berlin \u00bb et \u00ab Scholz &amp; Friends Berlin \u00bb, S\u00f8ren Gessat, son directeur g\u00e9n\u00e9ral et laur\u00e9at de nombreux prix, poss\u00e8de une vaste exp\u00e9rience dans l&rsquo;industrie de la publicit\u00e9. L\u2019\u00e9tendue de ses comp\u00e9tences permet \u00e0 WPS d\u2019offrir des solutions brillantes lorsqu\u2019il s\u2019agit de r\u00e9aliser des objets publicitaires et des produits d\u2019impression. WPS dispose de prestigieuses r\u00e9f\u00e9rences dans le domaine de la technologie publicitaire.[\/vc_column_text][vc_separator type=\u00a0\u00bbtransparent\u00a0\u00bb border_style=\u00a0\u00bb\u00a0\u00bb up=\u00a0\u00bb40&Prime; down=\u00a0\u00bb0&Prime;][\/vc_column_inner][\/vc_row_inner][\/vc_column][\/vc_row][vc_row row_type=\u00a0\u00bbrow\u00a0\u00bb use_row_as_full_screen_section=\u00a0\u00bbno\u00a0\u00bb type=\u00a0\u00bbfull_width\u00a0\u00bb anchor=\u00a0\u00bbmihaimediainvest\u00a0\u00bb text_align=\u00a0\u00bbleft\u00a0\u00bb background_animation=\u00a0\u00bbnone\u00a0\u00bb css_animation=\u00a0\u00bb\u00a0\u00bb bwd_show_when_date=\u00a0\u00bb__\/__\/____ __:__\u00a0\u00bb bwd_show_when_date_end=\u00a0\u00bb__\/__\/____ __:__\u00a0\u00bb background_color=\u00a0\u00bb#ffffff\u00a0\u00bb][vc_column][vc_row_inner row_type=\u00a0\u00bbrow\u00a0\u00bb type=\u00a0\u00bbgrid\u00a0\u00bb use_row_as_full_screen_section_slide=\u00a0\u00bbno\u00a0\u00bb text_align=\u00a0\u00bbleft\u00a0\u00bb padding_top=\u00a0\u00bb120&Prime; padding_bottom=\u00a0\u00bb80&Prime; css_animation=\u00a0\u00bb\u00a0\u00bb css=\u00a0\u00bb.vc_custom_1672663244679{margin-right: 30px !important;margin-left: 30px !important;}\u00a0\u00bb bwd_show_when_date=\u00a0\u00bb__\/__\/____ __:__\u00a0\u00bb bwd_show_when_date_end=\u00a0\u00bb__\/__\/____ __:__\u00a0\u00bb][vc_column_inner width=\u00a0\u00bb1\/3&Prime;][vc_single_image image=\u00a0\u00bb22585&Prime; img_size=\u00a0\u00bb\u00a0\u00bb alignment=\u00a0\u00bbcenter\u00a0\u00bb style=\u00a0\u00bbvc_box_circle_2&Prime; onclick=\u00a0\u00bbcustom_link\u00a0\u00bb img_link_target=\u00a0\u00bb_blank\u00a0\u00bb qode_css_animation=\u00a0\u00bb\u00a0\u00bb link=\u00a0\u00bbhttp:\/\/www.mihai-invest.de\/\u00a0\u00bb css=\u00a0\u00bb.vc_custom_1612975197875{padding-right: 4% !important;}\u00a0\u00bb][vc_separator type=\u00a0\u00bbtransparent\u00a0\u00bb border_style=\u00a0\u00bb\u00a0\u00bb up=\u00a0\u00bb40&Prime; down=\u00a0\u00bb0&Prime;][\/vc_column_inner][vc_column_inner width=\u00a0\u00bb2\/3&Prime;][vc_column_text]<\/p>\n<h4>Mihai. media invest GmbH<\/h4>\n<p>[\/vc_column_text][vc_separator type=\u00a0\u00bbtransparent\u00a0\u00bb border_style=\u00a0\u00bb\u00a0\u00bb up=\u00a0\u00bb20&Prime; down=\u00a0\u00bb0&Prime;][vc_column_text]Mihai. media invest, fond\u00e9e en 1993, est une soci\u00e9t\u00e9 qui d\u00e9tient des participations \u00e0 long terme dans plusieurs entreprises. Mihai. media invest GmbH offre principalement le financement et le conseil dans le cadre de ses participations strat\u00e9giques dans plusieurs domaines d\u2019activit\u00e9s ou de secteurs de l\u2019entreprise.[\/vc_column_text][vc_separator type=\u00a0\u00bbtransparent\u00a0\u00bb border_style=\u00a0\u00bb\u00a0\u00bb up=\u00a0\u00bb40&Prime; down=\u00a0\u00bb0&Prime;][\/vc_column_inner][\/vc_row_inner][\/vc_column][\/vc_row][vc_row bwd_show_when_type=\u00a0\u00bbbefore\u00a0\u00bb row_type=\u00a0\u00bbrow\u00a0\u00bb use_row_as_full_screen_section=\u00a0\u00bbno\u00a0\u00bb type=\u00a0\u00bbfull_width\u00a0\u00bb anchor=\u00a0\u00bbcausales\u00a0\u00bb text_align=\u00a0\u00bbleft\u00a0\u00bb background_animation=\u00a0\u00bbnone\u00a0\u00bb css_animation=\u00a0\u00bb\u00a0\u00bb bwd_show_when_date=\u00a0\u00bb09\/19\/2022 08:00&Prime; bwd_show_when_date_end=\u00a0\u00bb__\/__\/____ __:__\u00a0\u00bb][vc_column][vc_row_inner row_type=\u00a0\u00bbrow\u00a0\u00bb type=\u00a0\u00bbgrid\u00a0\u00bb use_row_as_full_screen_section_slide=\u00a0\u00bbno\u00a0\u00bb text_align=\u00a0\u00bbleft\u00a0\u00bb padding_top=\u00a0\u00bb120&Prime; padding_bottom=\u00a0\u00bb80&Prime; css_animation=\u00a0\u00bb\u00a0\u00bb css=\u00a0\u00bb.vc_custom_1612743003459{margin-right: 30px !important;margin-left: 30px !important;}\u00a0\u00bb][vc_column_inner width=\u00a0\u00bb1\/3&Prime;][vc_single_image image=\u00a0\u00bb22583&Prime; img_size=\u00a0\u00bb\u00a0\u00bb alignment=\u00a0\u00bbcenter\u00a0\u00bb style=\u00a0\u00bbvc_box_circle_2&Prime; onclick=\u00a0\u00bbcustom_link\u00a0\u00bb img_link_target=\u00a0\u00bb_blank\u00a0\u00bb qode_css_animation=\u00a0\u00bb\u00a0\u00bb link=\u00a0\u00bbhttps:\/\/kulturmarken.de\/\u00a0\u00bb css=\u00a0\u00bb.vc_custom_1612974244275{padding-right: 4% !important;}\u00a0\u00bb][vc_separator type=\u00a0\u00bbtransparent\u00a0\u00bb border_style=\u00a0\u00bb\u00a0\u00bb up=\u00a0\u00bb40&Prime; down=\u00a0\u00bb0&Prime;][\/vc_column_inner][vc_column_inner width=\u00a0\u00bb2\/3&Prime;][vc_column_text]<\/p>\n<h4>Causales \u2013 Gesellschaft f\u00fcr Kulturmarketing und Kultursponsoring mbH<\/h4>\n<p>[\/vc_column_text][vc_separator type=\u00a0\u00bbtransparent\u00a0\u00bb border_style=\u00a0\u00bb\u00a0\u00bb up=\u00a0\u00bb20&Prime; down=\u00a0\u00bb0&Prime;][vc_column_text]Causales ist die f\u00fchrende Agentur f\u00fcr Kulturmarketing und Kultursponsoring auf dem europ\u00e4ischen Markt. Sie blickt auf fast zwei Jahrzehnte Expertise in der Beratung von Unternehmen in den Bereichen strategische Planung, Sponsoring und Marketing zur\u00fcck. Ebenfalls unterst\u00fctzt Causales Kulturprojekte im Rahmen ihrer Markenbildungsprozesse. Ein weiterer Schwerpunkt ist das erfolgreiche Matching von Unternehmen aus Kultur und Wirtschaft f\u00fcr Sponsoringkooperationen mit einem eigens entwickelten digitalen Matching-Tool, das auf ein hochkar\u00e4tiges Netzwerk aus 45.000 europ\u00e4ischen Kontakten zur\u00fcckgreift.[\/vc_column_text][vc_separator type=\u00a0\u00bbtransparent\u00a0\u00bb border_style=\u00a0\u00bb\u00a0\u00bb up=\u00a0\u00bb40&Prime; down=\u00a0\u00bb0&Prime;][\/vc_column_inner][\/vc_row_inner][\/vc_column][\/vc_row][vc_row row_type=\u00a0\u00bbrow\u00a0\u00bb use_row_as_full_screen_section=\u00a0\u00bbno\u00a0\u00bb type=\u00a0\u00bbfull_width\u00a0\u00bb anchor=\u00a0\u00bbfreischwimmer\u00a0\u00bb text_align=\u00a0\u00bbleft\u00a0\u00bb background_animation=\u00a0\u00bbnone\u00a0\u00bb css_animation=\u00a0\u00bb\u00a0\u00bb bwd_show_when_date=\u00a0\u00bb__\/__\/____ __:__\u00a0\u00bb bwd_show_when_date_end=\u00a0\u00bb__\/__\/____ __:__\u00a0\u00bb][vc_column][vc_row_inner row_type=\u00a0\u00bbrow\u00a0\u00bb type=\u00a0\u00bbgrid\u00a0\u00bb use_row_as_full_screen_section_slide=\u00a0\u00bbno\u00a0\u00bb text_align=\u00a0\u00bbleft\u00a0\u00bb padding_top=\u00a0\u00bb120&Prime; padding_bottom=\u00a0\u00bb80&Prime; css_animation=\u00a0\u00bb\u00a0\u00bb css=\u00a0\u00bb.vc_custom_1672663281886{margin-right: 30px !important;margin-left: 30px !important;}\u00a0\u00bb bwd_show_when_date=\u00a0\u00bb__\/__\/____ __:__\u00a0\u00bb bwd_show_when_date_end=\u00a0\u00bb__\/__\/____ __:__\u00a0\u00bb][vc_column_inner width=\u00a0\u00bb1\/3&Prime;][vc_single_image image=\u00a0\u00bb22642&Prime; img_size=\u00a0\u00bb\u00a0\u00bb alignment=\u00a0\u00bbcenter\u00a0\u00bb style=\u00a0\u00bbvc_box_circle_2&Prime; onclick=\u00a0\u00bbcustom_link\u00a0\u00bb img_link_target=\u00a0\u00bb_blank\u00a0\u00bb qode_css_animation=\u00a0\u00bb\u00a0\u00bb link=\u00a0\u00bbhttps:\/\/www.freischwimmer-berlin.com\/\u00a0\u00bb css=\u00a0\u00bb.vc_custom_1613729027096{padding-right: 4% !important;}\u00a0\u00bb][vc_separator type=\u00a0\u00bbtransparent\u00a0\u00bb border_style=\u00a0\u00bb\u00a0\u00bb up=\u00a0\u00bb40&Prime; down=\u00a0\u00bb0&Prime;][\/vc_column_inner][vc_column_inner width=\u00a0\u00bb2\/3&Prime;][vc_column_text]<\/p>\n<h4>Der Freischwimmer<\/h4>\n<p>[\/vc_column_text][vc_separator type=\u00a0\u00bbtransparent\u00a0\u00bb border_style=\u00a0\u00bb\u00a0\u00bb up=\u00a0\u00bb20&Prime; down=\u00a0\u00bb0&Prime;][vc_column_text]Depuis une vingtaine d\u2019ann\u00e9es, le restaurant Der Freischwimmer (litt\u00e9ralement: le nageur libre) est l\u2019un des endroits tr\u00e8s particuliers de Berlin. Situ\u00e9 sur un ponton sur la rivi\u00e8re Spree, Der Freischwimmer invite \u00e0 profiter d\u2019un moment calme loin du brouhaha de la m\u00e9tropole tout en d\u00e9gustant une vari\u00e9t\u00e9 de mets d\u00e9licieux ou un d\u00eener romantique aux chandelles avec un menu exclusif compos\u00e9 de 3 plats. Qu&rsquo;il s&rsquo;agisse d&rsquo;une salle avec chemin\u00e9e, d&rsquo;un hangar \u00e0 bateaux, d&rsquo;une terrasse ou de tout le restaurant : la localit\u00e9 Der Freischwimmer peut \u00eatre r\u00e9serv\u00e9e partiellement ou dans sa totalit\u00e9 pour des \u00e9v\u00e9nements priv\u00e9s et offre \u00e0 ceux-ci un d\u00e9cor unique sur l\u00b4eau.[\/vc_column_text][vc_separator type=\u00a0\u00bbtransparent\u00a0\u00bb border_style=\u00a0\u00bb\u00a0\u00bb up=\u00a0\u00bb10&Prime; down=\u00a0\u00bb0&Prime;][vc_column_text][\/vc_column_text][\/vc_column_inner][\/vc_row_inner][\/vc_column][\/vc_row][vc_row row_type=\u00a0\u00bbrow\u00a0\u00bb use_row_as_full_screen_section=\u00a0\u00bbno\u00a0\u00bb type=\u00a0\u00bbfull_width\u00a0\u00bb anchor=\u00a0\u00bbqss\u00a0\u00bb text_align=\u00a0\u00bbleft\u00a0\u00bb background_animation=\u00a0\u00bbnone\u00a0\u00bb css_animation=\u00a0\u00bb\u00a0\u00bb bwd_show_when_date=\u00a0\u00bb__\/__\/____ __:__\u00a0\u00bb bwd_show_when_date_end=\u00a0\u00bb__\/__\/____ __:__\u00a0\u00bb css=\u00a0\u00bb.vc_custom_1695654653423{background-color: #ffffff !important;}\u00a0\u00bb][vc_column][vc_row_inner row_type=\u00a0\u00bbrow\u00a0\u00bb type=\u00a0\u00bbgrid\u00a0\u00bb use_row_as_full_screen_section_slide=\u00a0\u00bbno\u00a0\u00bb text_align=\u00a0\u00bbleft\u00a0\u00bb padding_top=\u00a0\u00bb120&Prime; padding_bottom=\u00a0\u00bb80&Prime; css_animation=\u00a0\u00bb\u00a0\u00bb css=\u00a0\u00bb.vc_custom_1672662934287{margin-right: 30px !important;margin-left: 30px !important;}\u00a0\u00bb bwd_show_when_date=\u00a0\u00bb__\/__\/____ __:__\u00a0\u00bb bwd_show_when_date_end=\u00a0\u00bb__\/__\/____ __:__\u00a0\u00bb][vc_column_inner width=\u00a0\u00bb1\/3&Prime;][vc_single_image image=\u00a0\u00bb23336&Prime; img_size=\u00a0\u00bb\u00a0\u00bb alignment=\u00a0\u00bbcenter\u00a0\u00bb style=\u00a0\u00bbvc_box_circle_2&Prime; onclick=\u00a0\u00bbcustom_link\u00a0\u00bb img_link_target=\u00a0\u00bb_blank\u00a0\u00bb qode_css_animation=\u00a0\u00bb\u00a0\u00bb link=\u00a0\u00bbhttps:\/\/www.quartier-sanssouci.de\u00a0\u00bb css=\u00a0\u00bb.vc_custom_1695654739641{padding-right: 4% !important;}\u00a0\u00bb][vc_separator type=\u00a0\u00bbtransparent\u00a0\u00bb border_style=\u00a0\u00bb\u00a0\u00bb up=\u00a0\u00bb40&Prime; down=\u00a0\u00bb0&Prime;][\/vc_column_inner][vc_column_inner width=\u00a0\u00bb2\/3&Prime;][vc_column_text]<\/p>\n<h4>Quartier Sanssouci Oberhof<\/h4>\n<p>[\/vc_column_text][vc_separator type=\u00a0\u00bbtransparent\u00a0\u00bb border_style=\u00a0\u00bb\u00a0\u00bb up=\u00a0\u00bb20&Prime; down=\u00a0\u00bb0&Prime;][vc_column_text]Oberhof, une paisible station climatique situ\u00e9e au c\u0153ur de la for\u00eat de Thuringe pr\u00e8s du Rennsteig, est connue dans le monde entier comme centre de sports d&rsquo;hiver, notamment pour les disciplines de la luge de comp\u00e9tition, le biathlon et le ski de fond. Au c\u0153ur d&rsquo;Oberhof, un projet de construction particuli\u00e8rement int\u00e9r\u00e9ssant, le Quartier Sanssouci, est actuellement en cours de r\u00e9alisation sur l&rsquo;ancien site de l&rsquo;h\u00f4tel Sanssouci construit entre 1888 et 1894. Le Quartier Sanssouci se compose de neuf unit\u00e9s d&rsquo;habitation dans la Villa Sanssouci et de trente unit\u00e9s d&rsquo;habitation accessibles \u00e0 tous dans la R\u00e9sidence Sanssouci. Le site, situ\u00e9 directement \u00e0 la lisi\u00e8re de la for\u00eat, offre \u00e0 ses habitants un maximum de qualit\u00e9 de vie et est compl\u00e9t\u00e9 par l&rsquo;unit\u00e9 commerciale moderne O&rsquo;Gretel avec terrasse et jardin d&rsquo;hiver pour les offres gastronomiques. Si vous \u00eates int\u00e9ress\u00e9, n&rsquo;h\u00e9sitez pas \u00e0 vous adresser \u00e0 : <a href=\"mailto:info@quartier-sanssouci.de\">info@quartier-sanssouci.de<\/a>[\/vc_column_text][vc_separator type=\u00a0\u00bbtransparent\u00a0\u00bb border_style=\u00a0\u00bb\u00a0\u00bb up=\u00a0\u00bb40&Prime; down=\u00a0\u00bb0&Prime;][vc_column_text][\/vc_column_text][\/vc_column_inner][\/vc_row_inner][\/vc_column][\/vc_row][vc_row row_type=\u00a0\u00bbrow\u00a0\u00bb use_row_as_full_screen_section=\u00a0\u00bbno\u00a0\u00bb type=\u00a0\u00bbfull_width\u00a0\u00bb anchor=\u00a0\u00bbmis\u00a0\u00bb text_align=\u00a0\u00bbleft\u00a0\u00bb background_animation=\u00a0\u00bbnone\u00a0\u00bb css_animation=\u00a0\u00bb\u00a0\u00bb bwd_show_when_date=\u00a0\u00bb__\/__\/____ __:__\u00a0\u00bb bwd_show_when_date_end=\u00a0\u00bb__\/__\/____ __:__\u00a0\u00bb][vc_column][vc_row_inner row_type=\u00a0\u00bbrow\u00a0\u00bb type=\u00a0\u00bbgrid\u00a0\u00bb use_row_as_full_screen_section_slide=\u00a0\u00bbno\u00a0\u00bb text_align=\u00a0\u00bbleft\u00a0\u00bb padding_top=\u00a0\u00bb120&Prime; padding_bottom=\u00a0\u00bb80&Prime; css_animation=\u00a0\u00bb\u00a0\u00bb css=\u00a0\u00bb.vc_custom_1672662934287{margin-right: 30px !important;margin-left: 30px !important;}\u00a0\u00bb bwd_show_when_date=\u00a0\u00bb__\/__\/____ __:__\u00a0\u00bb bwd_show_when_date_end=\u00a0\u00bb__\/__\/____ __:__\u00a0\u00bb][vc_column_inner width=\u00a0\u00bb1\/3&Prime;][vc_single_image image=\u00a0\u00bb23344&Prime; img_size=\u00a0\u00bb\u00a0\u00bb alignment=\u00a0\u00bbcenter\u00a0\u00bb style=\u00a0\u00bbvc_box_circle_2&Prime; onclick=\u00a0\u00bbcustom_link\u00a0\u00bb img_link_target=\u00a0\u00bb_blank\u00a0\u00bb qode_css_animation=\u00a0\u00bb\u00a0\u00bb link=\u00a0\u00bbhttp:\/\/www.mihai-immobilienservice.de\/\u00a0\u00bb css=\u00a0\u00bb.vc_custom_1695655030636{padding-right: 4% !important;}\u00a0\u00bb][vc_separator type=\u00a0\u00bbtransparent\u00a0\u00bb border_style=\u00a0\u00bb\u00a0\u00bb up=\u00a0\u00bb40&Prime; down=\u00a0\u00bb0&Prime;][\/vc_column_inner][vc_column_inner width=\u00a0\u00bb2\/3&Prime;][vc_column_text]<\/p>\n<h4>Mihai. Immobilien Service GmbH<\/h4>\n<p>[\/vc_column_text][vc_separator type=\u00a0\u00bbtransparent\u00a0\u00bb border_style=\u00a0\u00bb\u00a0\u00bb up=\u00a0\u00bb20&Prime; down=\u00a0\u00bb0&Prime;][vc_column_text]L&rsquo;agence Mihai. Immobilien Service assure la gestion, le courtage et la location d&rsquo;immeubles r\u00e9sidentiels, de locaux commerciaux et de maisons de vacances. Elle propose des services de gestion immobili\u00e8re et de gestion des installations par le biais de contrats avec des tiers.[\/vc_column_text][vc_separator type=\u00a0\u00bbtransparent\u00a0\u00bb border_style=\u00a0\u00bb\u00a0\u00bb up=\u00a0\u00bb40&Prime; down=\u00a0\u00bb0&Prime;][vc_column_text][\/vc_column_text][\/vc_column_inner][\/vc_row_inner][\/vc_column][\/vc_row][vc_row row_type=\u00a0\u00bbrow\u00a0\u00bb use_row_as_full_screen_section=\u00a0\u00bbno\u00a0\u00bb type=\u00a0\u00bbfull_width\u00a0\u00bb text_align=\u00a0\u00bbleft\u00a0\u00bb background_animation=\u00a0\u00bbnone\u00a0\u00bb padding_top=\u00a0\u00bb0&Prime; padding_bottom=\u00a0\u00bb0&Prime; css_animation=\u00a0\u00bb\u00a0\u00bb][vc_column][vc_raw_js]JTNDc2NyaXB0JTIwZGVmZXIlMjB0eXBlJTNEJTIydGV4dCUyRmphdmFzY3JpcHQlMjIlM0UlMEFqUXVlcnklMjhkb2N1bWVudCUyOS5yZWFkeSUyOGZ1bmN0aW9uJTI4JTI5JTIwJTdCJTBBJTIwJTIwJTIwJTIwJTIydXNlJTIwc3RyaWN0JTIyJTNCJTBBJTIwJTIwJTIwalF1ZXJ5JTI4JTI3Lm1paGFpLWFuY2hvci1jYXJvdXNlbCUyMC5jYXJvdXNlbF9pdGVtX2hvbGRlciUyMGElMjclMjkuYWRkQ2xhc3MlMjglMjdhbmNob3IlMjclMjklM0IlMEElN0QlMjklM0IlMEElM0MlMkZzY3JpcHQlM0U=[\/vc_raw_js][\/vc_column][\/vc_row]<\/p>\n<\/div>","protected":false},"excerpt":{"rendered":"<p>[vc_row row_type=\u00a0\u00bbrow\u00a0\u00bb use_row_as_full_screen_section=\u00a0\u00bbno\u00a0\u00bb type=\u00a0\u00bbfull_width\u00a0\u00bb text_align=\u00a0\u00bbcenter\u00a0\u00bb background_image=\u00a0\u00bb22035&Prime; background_animation=\u00a0\u00bbnone\u00a0\u00bb padding_top=\u00a0\u00bb100&Prime; padding_bottom=\u00a0\u00bb100&Prime; css_animation=\u00a0\u00bb\u00a0\u00bb el_class=\u00a0\u00bbmihai-anchor-carousel\u00a0\u00bb][vc_column][\/vc_column][\/vc_row][vc_row row_type=\u00a0\u00bbrow\u00a0\u00bb use_row_as_full_screen_section=\u00a0\u00bbno\u00a0\u00bb type=\u00a0\u00bbfull_width\u00a0\u00bb anchor=\u00a0\u00bbkulturplakatierung\u00a0\u00bb text_align=\u00a0\u00bbleft\u00a0\u00bb background_animation=\u00a0\u00bbnone\u00a0\u00bb css_animation=\u00a0\u00bb\u00a0\u00bb background_color=\u00a0\u00bb#ffffff\u00a0\u00bb][vc_column][vc_row_inner row_type=\u00a0\u00bbrow\u00a0\u00bb type=\u00a0\u00bbgrid\u00a0\u00bb use_row_as_full_screen_section_slide=\u00a0\u00bbno\u00a0\u00bb text_align=\u00a0\u00bbleft\u00a0\u00bb padding_top=\u00a0\u00bb120&Prime; padding_bottom=\u00a0\u00bb80&Prime; css_animation=\u00a0\u00bb\u00a0\u00bb css=\u00a0\u00bb.vc_custom_1612743036385{margin-right: 30px !important;margin-left: 30px !important;}\u00a0\u00bb][vc_column_inner width=\u00a0\u00bb1\/3&Prime;][vc_single_image image=\u00a0\u00bb22586&Prime; img_size=\u00a0\u00bb\u00a0\u00bb alignment=\u00a0\u00bbcenter\u00a0\u00bb style=\u00a0\u00bbvc_box_circle_2&Prime; onclick=\u00a0\u00bbcustom_link\u00a0\u00bb img_link_target=\u00a0\u00bb_blank\u00a0\u00bb qode_css_animation=\u00a0\u00bb\u00a0\u00bb link=\u00a0\u00bbhttp:\/\/www.kulturplakatierung.de\/\u00a0\u00bb css=\u00a0\u00bb.vc_custom_1612975498521{padding-right: 4% !important;}\u00a0\u00bb][vc_separator type=\u00a0\u00bbtransparent\u00a0\u00bb border_style=\u00a0\u00bb\u00a0\u00bb&#8230;<\/p>\n","protected":false},"author":1,"featured_media":0,"parent":0,"menu_order":0,"comment_status":"closed","ping_status":"closed","template":"full_width.php","meta":{"footnotes":""},"class_list":["post-22738","page","type-page","status-publish","hentry"],"yoast_head":"<!-- This site is optimized with the Yoast SEO plugin v27.5 - https:\/\/yoast.com\/product\/yoast-seo-wordpress\/ -->\n<title>Le r\u00e9seau de Mihai. media solutions GmbH \u00e0 Berlin<\/title>\n<meta name=\"description\" content=\"Pr\u00e9sentation de la soci\u00e9t\u00e9 Mihai. media solutions GmbH partenaire du r\u00e9seau. Ensemble, nous travaillerons dur pour votre succ\u00e8s \u2192 Contactez-nous maintenant.\" \/>\n<meta name=\"robots\" content=\"index, follow, max-snippet:-1, max-image-preview:large, max-video-preview:-1\" \/>\n<link rel=\"canonical\" href=\"https:\/\/www.mihai.de\/fr\/reseau\/\" \/>\n<meta property=\"og:locale\" content=\"fr_FR\" \/>\n<meta property=\"og:type\" content=\"article\" \/>\n<meta property=\"og:title\" content=\"Le r\u00e9seau de Mihai. media solutions GmbH \u00e0 Berlin\" \/>\n<meta property=\"og:description\" content=\"Pr\u00e9sentation de la soci\u00e9t\u00e9 Mihai. media solutions GmbH partenaire du r\u00e9seau. Ensemble, nous travaillerons dur pour votre succ\u00e8s \u2192 Contactez-nous maintenant.\" \/>\n<meta property=\"og:url\" content=\"https:\/\/www.mihai.de\/fr\/reseau\/\" \/>\n<meta property=\"og:site_name\" content=\"Mihai. media solutions GmbH\" \/>\n<meta property=\"article:publisher\" content=\"https:\/\/www.facebook.com\/mihai.gmbh\" \/>\n<meta property=\"article:modified_time\" content=\"2023-10-12T08:57:43+00:00\" \/>\n<meta name=\"twitter:card\" content=\"summary_large_image\" \/>\n<meta name=\"twitter:label1\" content=\"Dur\u00e9e de lecture estim\u00e9e\" \/>\n\t<meta name=\"twitter:data1\" content=\"7 minutes\" \/>\n<script type=\"application\/ld+json\" class=\"yoast-schema-graph\">{\"@context\":\"https:\\\/\\\/schema.org\",\"@graph\":[{\"@type\":\"WebPage\",\"@id\":\"https:\\\/\\\/www.mihai.de\\\/fr\\\/reseau\\\/\",\"url\":\"https:\\\/\\\/www.mihai.de\\\/fr\\\/reseau\\\/\",\"name\":\"Le r\u00e9seau de Mihai. media solutions GmbH \u00e0 Berlin\",\"isPartOf\":{\"@id\":\"https:\\\/\\\/www.mihai.de\\\/fr\\\/#website\"},\"datePublished\":\"2022-10-25T19:21:27+00:00\",\"dateModified\":\"2023-10-12T08:57:43+00:00\",\"description\":\"Pr\u00e9sentation de la soci\u00e9t\u00e9 Mihai. media solutions GmbH partenaire du r\u00e9seau. Ensemble, nous travaillerons dur pour votre succ\u00e8s \u2192 Contactez-nous maintenant.\",\"breadcrumb\":{\"@id\":\"https:\\\/\\\/www.mihai.de\\\/fr\\\/reseau\\\/#breadcrumb\"},\"inLanguage\":\"fr-FR\",\"potentialAction\":[{\"@type\":\"ReadAction\",\"target\":[\"https:\\\/\\\/www.mihai.de\\\/fr\\\/reseau\\\/\"]}]},{\"@type\":\"BreadcrumbList\",\"@id\":\"https:\\\/\\\/www.mihai.de\\\/fr\\\/reseau\\\/#breadcrumb\",\"itemListElement\":[{\"@type\":\"ListItem\",\"position\":1,\"name\":\"Startseite\",\"item\":\"https:\\\/\\\/www.mihai.de\\\/fr\\\/\"},{\"@type\":\"ListItem\",\"position\":2,\"name\":\"R\u00e9seau\"}]},{\"@type\":\"WebSite\",\"@id\":\"https:\\\/\\\/www.mihai.de\\\/fr\\\/#website\",\"url\":\"https:\\\/\\\/www.mihai.de\\\/fr\\\/\",\"name\":\"Mihai. media solutions GmbH\",\"description\":\"Ihr zuverl\u00e4ssiger Fullserviceanbieter und kompetenter Partner f\u00fcr Mediaplanung\",\"publisher\":{\"@id\":\"https:\\\/\\\/www.mihai.de\\\/fr\\\/#organization\"},\"potentialAction\":[{\"@type\":\"SearchAction\",\"target\":{\"@type\":\"EntryPoint\",\"urlTemplate\":\"https:\\\/\\\/www.mihai.de\\\/fr\\\/?s={search_term_string}\"},\"query-input\":{\"@type\":\"PropertyValueSpecification\",\"valueRequired\":true,\"valueName\":\"search_term_string\"}}],\"inLanguage\":\"fr-FR\"},{\"@type\":\"Organization\",\"@id\":\"https:\\\/\\\/www.mihai.de\\\/fr\\\/#organization\",\"name\":\"Mihai. media solutions GmbH\",\"url\":\"https:\\\/\\\/www.mihai.de\\\/fr\\\/\",\"logo\":{\"@type\":\"ImageObject\",\"inLanguage\":\"fr-FR\",\"@id\":\"https:\\\/\\\/www.mihai.de\\\/fr\\\/#\\\/schema\\\/logo\\\/image\\\/\",\"url\":\"https:\\\/\\\/www.mihai.de\\\/wp-content\\\/uploads\\\/2021\\\/02\\\/netzwerk-logo_mihai.png\",\"contentUrl\":\"https:\\\/\\\/www.mihai.de\\\/wp-content\\\/uploads\\\/2021\\\/02\\\/netzwerk-logo_mihai.png\",\"width\":320,\"height\":320,\"caption\":\"Mihai. media solutions GmbH\"},\"image\":{\"@id\":\"https:\\\/\\\/www.mihai.de\\\/fr\\\/#\\\/schema\\\/logo\\\/image\\\/\"},\"sameAs\":[\"https:\\\/\\\/www.facebook.com\\\/mihai.gmbh\"]}]}<\/script>\n<!-- \/ Yoast SEO plugin. -->","yoast_head_json":{"title":"Le r\u00e9seau de Mihai. media solutions GmbH \u00e0 Berlin","description":"Pr\u00e9sentation de la soci\u00e9t\u00e9 Mihai. media solutions GmbH partenaire du r\u00e9seau. Ensemble, nous travaillerons dur pour votre succ\u00e8s \u2192 Contactez-nous maintenant.","robots":{"index":"index","follow":"follow","max-snippet":"max-snippet:-1","max-image-preview":"max-image-preview:large","max-video-preview":"max-video-preview:-1"},"canonical":"https:\/\/www.mihai.de\/fr\/reseau\/","og_locale":"fr_FR","og_type":"article","og_title":"Le r\u00e9seau de Mihai. media solutions GmbH \u00e0 Berlin","og_description":"Pr\u00e9sentation de la soci\u00e9t\u00e9 Mihai. media solutions GmbH partenaire du r\u00e9seau. Ensemble, nous travaillerons dur pour votre succ\u00e8s \u2192 Contactez-nous maintenant.","og_url":"https:\/\/www.mihai.de\/fr\/reseau\/","og_site_name":"Mihai. media solutions GmbH","article_publisher":"https:\/\/www.facebook.com\/mihai.gmbh","article_modified_time":"2023-10-12T08:57:43+00:00","twitter_card":"summary_large_image","twitter_misc":{"Dur\u00e9e de lecture estim\u00e9e":"7 minutes"},"schema":{"@context":"https:\/\/schema.org","@graph":[{"@type":"WebPage","@id":"https:\/\/www.mihai.de\/fr\/reseau\/","url":"https:\/\/www.mihai.de\/fr\/reseau\/","name":"Le r\u00e9seau de Mihai. media solutions GmbH \u00e0 Berlin","isPartOf":{"@id":"https:\/\/www.mihai.de\/fr\/#website"},"datePublished":"2022-10-25T19:21:27+00:00","dateModified":"2023-10-12T08:57:43+00:00","description":"Pr\u00e9sentation de la soci\u00e9t\u00e9 Mihai. media solutions GmbH partenaire du r\u00e9seau. Ensemble, nous travaillerons dur pour votre succ\u00e8s \u2192 Contactez-nous maintenant.","breadcrumb":{"@id":"https:\/\/www.mihai.de\/fr\/reseau\/#breadcrumb"},"inLanguage":"fr-FR","potentialAction":[{"@type":"ReadAction","target":["https:\/\/www.mihai.de\/fr\/reseau\/"]}]},{"@type":"BreadcrumbList","@id":"https:\/\/www.mihai.de\/fr\/reseau\/#breadcrumb","itemListElement":[{"@type":"ListItem","position":1,"name":"Startseite","item":"https:\/\/www.mihai.de\/fr\/"},{"@type":"ListItem","position":2,"name":"R\u00e9seau"}]},{"@type":"WebSite","@id":"https:\/\/www.mihai.de\/fr\/#website","url":"https:\/\/www.mihai.de\/fr\/","name":"Mihai. media solutions GmbH","description":"Ihr zuverl\u00e4ssiger Fullserviceanbieter und kompetenter Partner f\u00fcr Mediaplanung","publisher":{"@id":"https:\/\/www.mihai.de\/fr\/#organization"},"potentialAction":[{"@type":"SearchAction","target":{"@type":"EntryPoint","urlTemplate":"https:\/\/www.mihai.de\/fr\/?s={search_term_string}"},"query-input":{"@type":"PropertyValueSpecification","valueRequired":true,"valueName":"search_term_string"}}],"inLanguage":"fr-FR"},{"@type":"Organization","@id":"https:\/\/www.mihai.de\/fr\/#organization","name":"Mihai. media solutions GmbH","url":"https:\/\/www.mihai.de\/fr\/","logo":{"@type":"ImageObject","inLanguage":"fr-FR","@id":"https:\/\/www.mihai.de\/fr\/#\/schema\/logo\/image\/","url":"https:\/\/www.mihai.de\/wp-content\/uploads\/2021\/02\/netzwerk-logo_mihai.png","contentUrl":"https:\/\/www.mihai.de\/wp-content\/uploads\/2021\/02\/netzwerk-logo_mihai.png","width":320,"height":320,"caption":"Mihai. media solutions GmbH"},"image":{"@id":"https:\/\/www.mihai.de\/fr\/#\/schema\/logo\/image\/"},"sameAs":["https:\/\/www.facebook.com\/mihai.gmbh"]}]}},"_links":{"self":[{"href":"https:\/\/www.mihai.de\/fr\/wp-json\/wp\/v2\/pages\/22738","targetHints":{"allow":["GET"]}}],"collection":[{"href":"https:\/\/www.mihai.de\/fr\/wp-json\/wp\/v2\/pages"}],"about":[{"href":"https:\/\/www.mihai.de\/fr\/wp-json\/wp\/v2\/types\/page"}],"author":[{"embeddable":true,"href":"https:\/\/www.mihai.de\/fr\/wp-json\/wp\/v2\/users\/1"}],"replies":[{"embeddable":true,"href":"https:\/\/www.mihai.de\/fr\/wp-json\/wp\/v2\/comments?post=22738"}],"version-history":[{"count":26,"href":"https:\/\/www.mihai.de\/fr\/wp-json\/wp\/v2\/pages\/22738\/revisions"}],"predecessor-version":[{"id":23670,"href":"https:\/\/www.mihai.de\/fr\/wp-json\/wp\/v2\/pages\/22738\/revisions\/23670"}],"wp:attachment":[{"href":"https:\/\/www.mihai.de\/fr\/wp-json\/wp\/v2\/media?parent=22738"}],"curies":[{"name":"wp","href":"https:\/\/api.w.org\/{rel}","templated":true}]}}